{"id":799,"date":"2022-03-21T20:07:45","date_gmt":"2022-03-21T19:07:45","guid":{"rendered":"https:\/\/dorfgemeinschaft-ottersberg.de\/?page_id=799"},"modified":"2022-05-14T11:57:45","modified_gmt":"2022-05-14T09:57:45","slug":"datenschutz-2","status":"publish","type":"page","link":"https:\/\/dorfgemeinschaft-ottersberg.de\/?page_id=799","title":{"rendered":"DATENSCHUTZ"},"content":{"rendered":"\n<h1 class=\"has-text-align-center wp-block-heading\">Datenschutzerkl\u00e4rung<\/h1>\n\n\n\n<hr class=\"wp-block-separator aligncenter is-style-wide\"\/>\n\n\n\n<h3 class=\"has-text-align-center wp-block-heading\">Cookie Einstellungen:<\/h3>\n\n\n\n<div class=\"wp-block-columns are-vertically-aligned-center has-colibri-color-6-color has-text-color has-background is-layout-flex wp-container-core-columns-is-layout-9d6595d7 wp-block-columns-is-layout-flex\" style=\"background-color:#f9f5ec\">\n<div class=\"wp-block-column is-vertically-aligned-center is-layout-flow wp-block-column-is-layout-flow\">\n<div class=\"wp-block-group\"><div class=\"wp-block-group__inner-container is-layout-flow wp-block-group-is-layout-flow\">\n<div class=\"wp-block-group\"><div class=\"wp-block-group__inner-container is-layout-flow wp-block-group-is-layout-flow\"><a  href=\"#consent-change\" role=\"button\" id=\"rcb-sc-link-change\" data-success-message=\"\" class=\"rcb-sc-link rcb-sc-link-change \">Privatsph\u00e4re-Einstellungen \u00e4ndern<\/a>\n<\/div><\/div>\n<\/div><\/div>\n<\/div>\n\n\n\n<div class=\"wp-block-column is-vertically-aligned-center is-layout-flow wp-block-column-is-layout-flow\"><a  href=\"#consent-history\" role=\"button\" id=\"rcb-sc-link-history\" data-success-message=\"\" class=\"rcb-sc-link rcb-sc-link-history \">Historie der Privatsph\u00e4re-Einstellungen<\/a>\n<\/div>\n\n\n\n<div class=\"wp-block-column is-layout-flow wp-block-column-is-layout-flow\"><a  href=\"#consent-revoke\" role=\"button\" id=\"rcb-sc-link-revoke\" data-success-message=\"Du hast die Einwilligung erfolgreich widerrufen. Die Seite wird nun neu geladen.\" class=\"rcb-sc-link rcb-sc-link-revoke \">Einwilligungen widerrufen<\/a>\n<\/div>\n<\/div>\n\n\n\n<hr class=\"wp-block-separator aligncenter is-style-default\"\/>\n\n\n\n<p class=\"has-text-align-center\">Verantwortliche Stelle im Sinne der Datenschutzgesetze, insbesondere der <br>EU-Datenschutzgrundverordnung (DSGVO), ist:<\/p>\n\n\n\n<p class=\"has-text-align-center\">Dorfgemeinschaft Ottersberg e.V.<\/p>\n\n\n\n<p class=\"has-text-align-center\">Michael Hirthammer<\/p>\n\n\n\n<p class=\"has-text-align-center\">An der Leiten 19a<\/p>\n\n\n\n<p class=\"has-text-align-center\">85652 Pliening<\/p>\n\n\n\n<p class=\"has-text-align-center\">kontakt[at]dorfgemeinschaft-ottersberg.de<\/p>\n\n\n\n<p class=\"has-text-align-center\">www.dorfgemeinschaft-ottersberg.de<\/p>\n\n\n\n<hr class=\"wp-block-separator aligncenter\"\/>\n\n\n\n<h2 class=\"has-text-align-center wp-block-heading\">Ihre Betroffenenrechte<\/h2>\n\n\n\n<p class=\"has-text-align-center\">Unter den angegebenen Kontaktdaten unseres Datenschutzbeauftragten k\u00f6nnen Sie jederzeit folgende Rechte aus\u00fcben:<\/p>\n\n\n\n<p class=\"has-text-align-center\">Auskunft \u00fcber Ihre bei uns gespeicherten Daten und deren Verarbeitung,Berichtigung unrichtiger personenbezogener Daten,L\u00f6schung Ihrer bei uns gespeicherten Daten,Einschr\u00e4nkung der Datenverarbeitung, sofern wir Ihre Daten aufgrund gesetzlicher Pflichten noch nicht l\u00f6schen d\u00fcrfen,Widerspruch gegen die Verarbeitung Ihrer Daten bei uns undDaten\u00fcbertragbarkeit, sofern Sie in die Datenverarbeitung eingewilligt haben oder einen Vertrag mit uns abgeschlossen haben.<\/p>\n\n\n\n<p class=\"has-text-align-center\">Sofern Sie uns eine Einwilligung erteilt haben, k\u00f6nnen Sie diese jederzeit mit Wirkung f\u00fcr die Zukunft widerrufen.<\/p>\n\n\n\n<p class=\"has-text-align-center\">Sie k\u00f6nnen sich jederzeit mit einer Beschwerde an die f\u00fcr Sie zust\u00e4ndige Aufsichtsbeh\u00f6rde wenden. Ihre zust\u00e4ndige Aufsichtsbeh\u00f6rde richtet sich nach dem Bundesland Ihres Wohnsitzes, Ihrer Arbeit oder der mutma\u00dflichen Verletzung. Eine Liste der Aufsichtsbeh\u00f6rden (f\u00fcr den nicht\u00f6ffentlichen Bereich) mit Anschrift finden Sie unter:&nbsp;<\/p>\n\n\n\n<figure class=\"wp-block-embed aligncenter\"><div class=\"wp-block-embed__wrapper\">\nhttps:\/\/www.bfdi.bund.de\/DE\/Infothek\/Anschriften_Links\/anschriften_links-node.html.\n<\/div><\/figure>\n\n\n\n<h2 class=\"has-text-align-center wp-block-heading\">Zwecke der Datenverarbeitung durch die verantwortliche Stelle und Dritte<\/h2>\n\n\n\n<p class=\"has-text-align-center\">Wir verarbeiten Ihre personenbezogenen Daten nur zu den in dieser Datenschutzerkl\u00e4rung genannten Zwecken. Eine \u00dcbermittlung Ihrer pers\u00f6nlichen Daten an Dritte zu anderen als den genannten Zwecken findet nicht statt. Wir geben Ihre pers\u00f6nlichen Daten nur an Dritte weiter, wenn:<\/p>\n\n\n\n<p class=\"has-text-align-center\">Sie Ihre ausdr\u00fcckliche Einwilligung dazu erteilt haben,die Verarbeitung zur Abwicklung eines Vertrags mit Ihnen erforderlich ist,die Verarbeitung zur Erf\u00fcllung einer rechtlichen Verpflichtung erforderlich ist,<\/p>\n\n\n\n<p class=\"has-text-align-center\">die Verarbeitung zur Wahrung berechtigter Interessen erforderlich ist und kein Grund zur Annahme besteht, dass Sie ein \u00fcberwiegendes schutzw\u00fcrdiges Interesse an der Nichtweitergabe Ihrer Daten haben.<\/p>\n\n\n\n<h2 class=\"has-text-align-center wp-block-heading\">L\u00f6schung bzw. Sperrung der Daten<\/h2>\n\n\n\n<p class=\"has-text-align-center\">Wir halten uns an die Grunds\u00e4tze der Datenvermeidung und Datensparsamkeit. Wir speichern Ihre personenbezogenen Daten daher nur so lange, wie dies zur Erreichung der hier genannten Zwecke erforderlich ist oder wie es die vom Gesetzgeber vorgesehenen vielf\u00e4ltigen Speicherfristen vorsehen. Nach Fortfall des jeweiligen Zweckes bzw. Ablauf dieser Fristen werden die entsprechenden Daten routinem\u00e4\u00dfig und entsprechend den gesetzlichen Vorschriften gesperrt oder gel\u00f6scht.<\/p>\n\n\n\n<h2 class=\"has-text-align-center wp-block-heading\">SSL-Verschl\u00fcsselung<\/h2>\n\n\n\n<p class=\"has-text-align-center\">Um die Sicherheit Ihrer Daten bei der \u00dcbertragung zu sch\u00fctzen, verwenden wir dem aktuellen Stand der Technik entsprechende Verschl\u00fcsselungsverfahren (z. B. SSL) \u00fcber HTTPS.<\/p>\n\n\n\n<h2 class=\"has-text-align-center wp-block-heading\">\u00c4nderungen unserer Datenschutzbestimmungen<\/h2>\n\n\n\n<p class=\"has-text-align-center\">Wir behalten uns vor, diese Datenschutzerkl\u00e4rung anzupassen, damit sie stets den aktuellen rechtlichen Anforderungen entspricht oder um \u00c4nderungen unserer Leistungen in der Datenschutzerkl\u00e4rung umzusetzen, z.B. bei der Einf\u00fchrung neuer Services. F\u00fcr Ihren erneuten Besuch gilt dann die neue Datenschutzerkl\u00e4rung.<\/p>\n\n\n\n<h2 class=\"has-text-align-center wp-block-heading\">Fragen an den Datenschutzbeauftragten<\/h2>\n\n\n\n<p class=\"has-text-align-center\">Wenn Sie Fragen zum Datenschutz haben, schreiben Sie uns bitte eine E-Mail oder kontaktieren Sie uns \u00fcber das Kontaktformular:<\/p>\n\n\n\n<p class=\"has-text-align-center\">kontakt[at]dorfgemeinschaft-ottersberg.de<\/p>\n\n\n\n<p class=\"has-text-align-center\"><em>Die Datenschutzerkl\u00e4rung wurde mit dem&nbsp;<\/em>&nbsp;<a rel=\"noreferrer noopener\" href=\"https:\/\/www.activemind.de\/datenschutz\/datenschutzhinweis-generator\" target=\"_blank\"><em>Datenschutzerkl\u00e4rungs-Generator der activeMind AG erstellt<\/em><\/a><em>.<\/em><\/p>\n\n\n\n<hr class=\"wp-block-separator aligncenter is-style-wide\"\/>\n\n\n\n<div class=\"wp-block-columns are-vertically-aligned-center has-colibri-color-6-color has-text-color has-background is-layout-flex wp-container-core-columns-is-layout-9d6595d7 wp-block-columns-is-layout-flex\" style=\"background-color:#f9f5ec\">\n<div class=\"wp-block-column is-vertically-aligned-center is-layout-flow wp-block-column-is-layout-flow\">\n<div class=\"wp-block-group\"><div class=\"wp-block-group__inner-container is-layout-flow wp-block-group-is-layout-flow\">\n<div class=\"wp-block-group\"><div class=\"wp-block-group__inner-container is-layout-flow wp-block-group-is-layout-flow\"><a  href=\"#consent-change\" role=\"button\" id=\"rcb-sc-link-change\" data-success-message=\"\" class=\"rcb-sc-link rcb-sc-link-change \">Privatsph\u00e4re-Einstellungen \u00e4ndern<\/a>\n<\/div><\/div>\n<\/div><\/div>\n<\/div>\n\n\n\n<div class=\"wp-block-column is-vertically-aligned-center is-layout-flow wp-block-column-is-layout-flow\"><a  href=\"#consent-history\" role=\"button\" id=\"rcb-sc-link-history\" data-success-message=\"\" class=\"rcb-sc-link rcb-sc-link-history \">Historie der Privatsph\u00e4re-Einstellungen<\/a>\n<\/div>\n\n\n\n<div class=\"wp-block-column is-layout-flow wp-block-column-is-layout-flow\"><a  href=\"#consent-revoke\" role=\"button\" id=\"rcb-sc-link-revoke\" data-success-message=\"Du hast die Einwilligung erfolgreich widerrufen. Die Seite wird nun neu geladen.\" class=\"rcb-sc-link rcb-sc-link-revoke \">Einwilligungen widerrufen<\/a>\n<\/div>\n<\/div>\n","protected":false},"excerpt":{"rendered":"<p>Datenschutzerkl\u00e4rung Cookie Einstellungen: Verantwortliche Stelle im Sinne der Datenschutzgesetze, insbesondere der EU-Datenschutzgrundverordnung (DSGVO), ist: Dorfgemeinschaft Ottersberg e.V. Michael Hirthammer An der Leiten 19a 85652 Pliening kontakt[at]dorfgemeinschaft-ottersberg.de www.dorfgemeinschaft-ottersberg.de Ihre Betroffenenrechte Unter [&hellip;]<\/p>\n","protected":false},"author":1,"featured_media":0,"parent":0,"menu_order":0,"comment_status":"closed","ping_status":"closed","template":"","meta":{"footnotes":""},"class_list":["post-799","page","type-page","status-publish","hentry"],"jetpack_sharing_enabled":true,"_links":{"self":[{"href":"https:\/\/dorfgemeinschaft-ottersberg.de\/index.php?rest_route=\/wp\/v2\/pages\/799","targetHints":{"allow":["GET"]}}],"collection":[{"href":"https:\/\/dorfgemeinschaft-ottersberg.de\/index.php?rest_route=\/wp\/v2\/pages"}],"about":[{"href":"https:\/\/dorfgemeinschaft-ottersberg.de\/index.php?rest_route=\/wp\/v2\/types\/page"}],"author":[{"embeddable":true,"href":"https:\/\/dorfgemeinschaft-ottersberg.de\/index.php?rest_route=\/wp\/v2\/users\/1"}],"replies":[{"embeddable":true,"href":"https:\/\/dorfgemeinschaft-ottersberg.de\/index.php?rest_route=%2Fwp%2Fv2%2Fcomments&post=799"}],"version-history":[{"count":5,"href":"https:\/\/dorfgemeinschaft-ottersberg.de\/index.php?rest_route=\/wp\/v2\/pages\/799\/revisions"}],"predecessor-version":[{"id":900,"href":"https:\/\/dorfgemeinschaft-ottersberg.de\/index.php?rest_route=\/wp\/v2\/pages\/799\/revisions\/900"}],"wp:attachment":[{"href":"https:\/\/dorfgemeinschaft-ottersberg.de\/index.php?rest_route=%2Fwp%2Fv2%2Fmedia&parent=799"}],"curies":[{"name":"wp","href":"https:\/\/api.w.org\/{rel}","templated":true}]}}